{"id":132,"date":"2025-09-10T11:06:56","date_gmt":"2025-09-10T11:06:56","guid":{"rendered":"https:\/\/magazines.ulbsibiu.ro\/cje\/?page_id=132"},"modified":"2025-09-10T11:10:07","modified_gmt":"2025-09-10T11:10:07","slug":"centrul-de-cercetare-si-analiza-psihopedagogica","status":"publish","type":"page","link":"https:\/\/magazines.ulbsibiu.ro\/cje\/index.php\/centrul-de-cercetare-si-analiza-psihopedagogica\/","title":{"rendered":"CENTRUL DE CERCETARE \u015eI ANALIZ\u0102 PSIHOPEDAGOGIC\u0102"},"content":{"rendered":"\n<h2 class=\"wp-block-heading\">Misiune<\/h2>\n\n\n\n<p><strong>Centrul de Cercetare \u015fi Analiz\u0103 Psihopedagogic\u0103 este un centru de cercetare aplicativ\u0103,<\/strong>&nbsp;care se bazeaz\u0103 pe translatarea realit\u0103\u0163ilor teoretice existente \u00een domeniul educa\u0163ional \u00een ac\u0163iuni de interven\u021bie la toate ciclurile curriculare cu scopul \u00eembun\u0103t\u0103\u0163irii procesului de \u00eenv\u0103\u021b\u0103m\u00e2nt, \u00een concordan\u021b\u0103 cu necesit\u0103\u0163ile de perfec\u0163ionare \u015fi perspectivele de evolu\u0163ie a \u015ftiin\u0163elor educa\u0163iei \u00een spa\u0163iul na\u0163ional \u015fi european.<br><br><strong>Motto: \u201e\u00cendr\u0103zne\u0219te, cerceteaz\u0103, inoveaz\u0103\u201d<\/strong><\/p>\n\n\n\n<p>Acceseaz\u0103 pagina <strong>Centrul de Cercetare \u015fi Analiz\u0103 Psihopedagogic\u0103<\/strong><\/p>\n\n\n\n<div class=\"wp-block-buttons is-layout-flex wp-block-buttons-is-layout-flex\">\n<div class=\"wp-block-button\"><a class=\"wp-block-button__link wp-element-button\" href=\"https:\/\/centers.ulbsibiu.ro\/ccap\/\">Acceseaz\u0103 pagina centrului<\/a><\/div>\n<\/div>\n\n\n\n<p><\/p>\n","protected":false},"excerpt":{"rendered":"<p>Misiune Centrul de Cercetare \u015fi Analiz\u0103 Psihopedagogic\u0103 este un centru de cercetare aplicativ\u0103,&nbsp;care se bazeaz\u0103 pe translatarea realit\u0103\u0163ilor teoretice existente \u00een domeniul educa\u0163ional \u00een ac\u0163iuni de interven\u021bie la toate ciclurile curriculare cu scopul \u00eembun\u0103t\u0103\u0163irii procesului de \u00eenv\u0103\u021b\u0103m\u00e2nt, \u00een concordan\u021b\u0103 cu necesit\u0103\u0163ile de perfec\u0163ionare \u015fi perspectivele de evolu\u0163ie a \u015ftiin\u0163elor educa\u0163iei \u00een spa\u0163iul na\u0163ional \u015fi european. &hellip; <a href=\"https:\/\/magazines.ulbsibiu.ro\/cje\/index.php\/centrul-de-cercetare-si-analiza-psihopedagogica\/\" class=\"more-link\">Continu\u0103 s\u0103 cite\u0219ti <span class=\"screen-reader-text\">CENTRUL DE CERCETARE \u015eI ANALIZ\u0102 PSIHOPEDAGOGIC\u0102<\/span><\/a><\/p>\n","protected":false},"author":1,"featured_media":0,"parent":0,"menu_order":0,"comment_status":"closed","ping_status":"closed","template":"","meta":{"footnotes":""},"class_list":["post-132","page","type-page","status-publish","hentry"],"_links":{"self":[{"href":"https:\/\/magazines.ulbsibiu.ro\/cje\/index.php\/wp-json\/wp\/v2\/pages\/132","targetHints":{"allow":["GET"]}}],"collection":[{"href":"https:\/\/magazines.ulbsibiu.ro\/cje\/index.php\/wp-json\/wp\/v2\/pages"}],"about":[{"href":"https:\/\/magazines.ulbsibiu.ro\/cje\/index.php\/wp-json\/wp\/v2\/types\/page"}],"author":[{"embeddable":true,"href":"https:\/\/magazines.ulbsibiu.ro\/cje\/index.php\/wp-json\/wp\/v2\/users\/1"}],"replies":[{"embeddable":true,"href":"https:\/\/magazines.ulbsibiu.ro\/cje\/index.php\/wp-json\/wp\/v2\/comments?post=132"}],"version-history":[{"count":3,"href":"https:\/\/magazines.ulbsibiu.ro\/cje\/index.php\/wp-json\/wp\/v2\/pages\/132\/revisions"}],"predecessor-version":[{"id":139,"href":"https:\/\/magazines.ulbsibiu.ro\/cje\/index.php\/wp-json\/wp\/v2\/pages\/132\/revisions\/139"}],"wp:attachment":[{"href":"https:\/\/magazines.ulbsibiu.ro\/cje\/index.php\/wp-json\/wp\/v2\/media?parent=132"}],"curies":[{"name":"wp","href":"https:\/\/api.w.org\/{rel}","templated":true}]}}